{"id":14457,"date":"2021-05-31T16:25:56","date_gmt":"2021-05-31T16:25:56","guid":{"rendered":"http:\/\/ahoussou.segoor.net\/projects\/hamaarys\/?page_id=14457"},"modified":"2021-08-06T13:54:00","modified_gmt":"2021-08-06T13:54:00","slug":"actualite-nationale","status":"publish","type":"page","link":"https:\/\/hamaarys.net\/index.php\/actualite-nationale\/","title":{"rendered":"ACTUALIT\u00c9S NATIONALES"},"content":{"rendered":"\t\t<div data-elementor-type=\"wp-page\" data-elementor-id=\"14457\" class=\"elementor elementor-14457\" data-elementor-settings=\"[]\">\n\t\t\t\t\t\t\t<div class=\"elementor-section-wrap\">\n\t\t\t\t\t\t\t<section class=\"elementor-section elementor-top-section elementor-element elementor-element-13347d2e elementor-section-stretched elementor-section-boxed elementor-section-height-default elementor-section-height-default\" data-id=\"13347d2e\" data-element_type=\"section\" data-settings=\"{&quot;stretch_section&quot;:&quot;section-stretched&quot;,&quot;background_background&quot;:&quot;classic&quot;}\">\n\t\t\t\t\t\t<div class=\"elementor-container elementor-column-gap-default\">\n\t\t\t\t\t<div class=\"elementor-column elementor-col-100 elementor-top-column elementor-element elementor-element-74695da9\" data-id=\"74695da9\" data-element_type=\"column\">\n\t\t\t<div class=\"elementor-widget-wrap elementor-element-populated\">\n\t\t\t\t\t\t\t\t<div class=\"elementor-element elementor-element-f598d4a elementor-widget elementor-widget-heading\" data-id=\"f598d4a\" data-element_type=\"widget\" data-widget_type=\"heading.default\">\n\t\t\t\t<div class=\"elementor-widget-container\">\n\t\t\t<h3 class=\"elementor-heading-title elementor-size-default\">Passation de charges au Minist\u00e8re du P\u00e9trole et de l'Energie : Le Nouveau Ministre Thomas Camara prend fonction<\/h3>\t\t<\/div>\n\t\t\t\t<\/div>\n\t\t\t\t\t<\/div>\n\t\t<\/div>\n\t\t\t\t\t\t\t<\/div>\n\t\t<\/section>\n\t\t\t\t<section class=\"elementor-section elementor-top-section elementor-element elementor-element-0d36ed5 elementor-section-boxed elementor-section-height-default elementor-section-height-default\" data-id=\"0d36ed5\" data-element_type=\"section\">\n\t\t\t\t\t\t<div class=\"elementor-container elementor-column-gap-default\">\n\t\t\t\t\t<div class=\"elementor-column elementor-col-100 elementor-top-column elementor-element elementor-element-eb3f920\" data-id=\"eb3f920\" data-element_type=\"column\">\n\t\t\t<div class=\"elementor-widget-wrap elementor-element-populated\">\n\t\t\t\t\t\t\t\t<div class=\"elementor-element elementor-element-3ff457c elementor-widget elementor-widget-image\" data-id=\"3ff457c\" data-element_type=\"widget\" data-widget_type=\"image.default\">\n\t\t\t\t<div class=\"elementor-widget-container\">\n\t\t\t\t\t\t\t\t\t\t\t\t\t\t\t<img loading=\"lazy\" decoding=\"async\" width=\"640\" height=\"427\" src=\"https:\/\/hamaarys.net\/wp-content\/uploads\/2021\/05\/article1.jpg\" class=\"attachment-large size-large\" alt=\"\" srcset=\"https:\/\/hamaarys.net\/wp-content\/uploads\/2021\/05\/article1.jpg 720w, https:\/\/hamaarys.net\/wp-content\/uploads\/2021\/05\/article1-300x200.jpg 300w, https:\/\/hamaarys.net\/wp-content\/uploads\/2021\/05\/article1-365x243.jpg 365w, https:\/\/hamaarys.net\/wp-content\/uploads\/2021\/05\/article1-600x400.jpg 600w\" sizes=\"auto, (max-width: 640px) 100vw, 640px\" \/>\t\t\t\t\t\t\t\t\t\t\t\t\t\t\t<\/div>\n\t\t\t\t<\/div>\n\t\t\t\t<div class=\"elementor-element elementor-element-2a9cbf9 elementor-invisible elementor-widget elementor-widget-text-editor\" data-id=\"2a9cbf9\" data-element_type=\"widget\" data-settings=\"{&quot;_animation&quot;:&quot;zoomIn&quot;}\" data-widget_type=\"text-editor.default\">\n\t\t\t\t<div class=\"elementor-widget-container\">\n\t\t\t\t\t\t\t\t<p lang=\"fr-CI\"><span style=\"color: #1a1a1a;\"><span style=\"font-family: Tw Cen MT;\"><span style=\"font-size: medium;\">C&#8217;est effectif depuis ce jeudi 08 avril 2021. Thomas Camara, Ministre des Mines, du P\u00e9trole et de l&#8217;Energie, a pris officiellement fonction au 15\u00e8me \u00e9tage de l&#8217;immeuble Sciam, apr\u00e8s avoir re\u00e7u ses charges du Ministre, Secr\u00e9taire G\u00e9n\u00e9ral de la Pr\u00e9sidence de la R\u00e9publique, Abdourahmane Ciss\u00e9, ancien locataire du minist\u00e8re du P\u00e9trole, de l&#8217;Energie et des Energies Renouvelables.\u00a0 Une c\u00e9r\u00e9monie pr\u00e9sid\u00e9e par le Secr\u00e9taire g\u00e9n\u00e9ral adjoint du gouvernement,\u00a0 Charlemagne Dah.<\/span><\/span><\/span><\/p><p align=\"left\"><span style=\"color: #1a1a1a;\"><span style=\"font-family: Tw Cen MT;\"><span style=\"font-size: medium;\">Ciss\u00e9 qui a f\u00e9licit\u00e9 son successeur pour cette nomination, fruit du m\u00e9rite et de ses comp\u00e9tences, a fait savoir que Thomas Camara\u00a0&#8220;est la bonne personne \u00e0 la bonne place&#8221; au vu de son exp\u00e9rience.\u00a0 Selon lui, et cela ne fait l&#8217;ombre d&#8217;aucun doute, l&#8217;ancien Directeur g\u00e9n\u00e9ral de la Soci\u00e9t\u00e9 ivoirienne de raffinage (SIR) r\u00e9ussira sa mission.<\/span><\/span><\/span><\/p><p align=\"justify\"><span style=\"color: #1a1a1a;\">\u00a0<\/span><span style=\"font-family: Tw Cen MT;\"><span style=\"color: #1a1a1a;\"><span style=\"font-size: medium;\"><span lang=\"fr-CI\">Avant la remise des dossiers au nouveau titulaire de ce portefeuille minist\u00e9riel,\u00a0\u00a0le nouveau Ministre, Secr\u00e9taire g\u00e9n\u00e9ral de la Pr\u00e9sidence de la R\u00e9publique, a \u00e9gren\u00e9\u00a0 quelques actions men\u00e9es au cours des deux ann\u00e9es pass\u00e9es \u00e0 la t\u00eate du minist\u00e8re du\u00a0\u00a0P\u00e9trole, de l\u2019Energie et des Energies renouvelables,\u00a0\u00a0aussi bien dans les secteurs des hydrocarbures que\u00a0 de l\u2019\u00e9nergie.<\/span><\/span><\/span><\/span><\/p><p align=\"justify\"><span style=\"color: #1a1a1a;\">\u00a0<\/span><span style=\"font-family: Tw Cen MT;\"><span style=\"color: #1a1a1a;\"><span style=\"font-size: medium;\"><span lang=\"fr-CI\">Il a cit\u00e9 entre autres la cr\u00e9ation de l\u2019Ecole Sup\u00e9rieure du P\u00e9trole et de l\u2019Energie (ESPE) avec \u00e0 la cl\u00e9 des doubles dipl\u00f4mes de l\u2019Ecole Polytechnique de Paris et de l\u2019Institut Fran\u00e7ais du P\u00e9trole ;\u00a0l&#8217;instauration\u00a0du prix de l\u2019innovation dans les\u00a0 hydrocarbures et\u00a0 l&#8217;\u00e9nergie, aur\u00e9ol\u00e9 d&#8217;un montant de 10 millions FCFA par secteur et un accompagnement ;\u00a0l&#8217;augmentation de la capacit\u00e9 de stockage national en butane ; l&#8217;\u00e9lectrification de 1841 localit\u00e9s sur la p\u00e9riode 2019-2020,\u00a0soit en moyenne, 900 localit\u00e9s par an\u00a0 contre 300 par an sur la p\u00e9riode 2012-2018.\u00a0 A cela s&#8217;ajoute le taux<\/span><\/span><\/span><\/span><\/p><p lang=\"fr-CI\" align=\"justify\"><span style=\"color: #1a1a1a;\"><span style=\"font-family: Tw Cen MT;\"><span style=\"font-size: medium;\">de couverture national qui est pass\u00e9 de 33,1% en 2011 \u00e0 58% en 2018 et 80% \u00e0 fin 2020. Ciss\u00e9 a relev\u00e9 en outre que\u00a0les localit\u00e9s de plus de 500 habitants seront \u00e9lectrifi\u00e9es avant fin juin 2021. Mieux, 1,4 million de familles \u00e0 revenus modestes ont b\u00e9n\u00e9fici\u00e9 de la baisse de 20% du tarif social d\u2019\u00e9lectricit\u00e9, quand plus de 425 000 familles connaissaient la joie d\u2018avoir leur propre compteur \u00e0 domicile \u00e0 travers le Programme Electricit\u00e9 Pour Tous (PEPT) sur la p\u00e9riode 2019-2020. Il a fait part des\u00a0 travaux li\u00e9s \u00e0 l&#8217;am\u00e9lioration de la qualit\u00e9 de fourniture de l\u2019\u00e9lectricit\u00e9 \u00e0 Abidjan et \u00e0 l\u2019int\u00e9rieur du pays,\u00a0 du d\u00e9marrage du projet de construction, \u00e0 Aboisso, de la plus grande centrale biomasse d\u2019Afrique de l\u2019Ouest, \u00e0 base de palmier \u00e0 huile (46 MW).<\/span><\/span><\/span><\/p><p lang=\"fr-CI\" align=\"justify\"><span style=\"color: #1a1a1a;\"><span style=\"font-family: Tw Cen MT;\"><span style=\"font-size: x-large;\">En mati\u00e8re d\u2019hydrocarbures, un fait notable, une loi sur le contenu local\u00a0dans les activit\u00e9s p\u00e9troli\u00e8res et gazi\u00e8res en C\u00f4te d\u2019Ivoire\u00a0pour cr\u00e9er des champions nationaux et des emplois pour les\u00a0\u00a0jeunes a \u00e9t\u00e9 adopt\u00e9e en Conseil des ministres, le 24 mars 2021.<\/span><\/span><\/span><\/p><p lang=\"fr-CI\" align=\"justify\"><span style=\"color: #1a1a1a;\"><span style=\"font-family: Tw Cen MT;\"><span style=\"font-size: medium;\">Pour les perspectives, il a annonc\u00e9 le lancement en 2021 des travaux de construction de la premi\u00e8re centrale solaire de la C\u00f4te d\u2019Ivoire; l\u2019acc\u00e9l\u00e9ration du processus d\u2019\u00e9lectrification des localit\u00e9s en vue d\u2019atteindre un taux de couverture de 100% \u00e0 fin 2025;\u00a0 l&#8217;atteinte d&#8217;un mix \u00e9nerg\u00e9tique d\u2019au moins 42% d\u2019Energies Renouvelables \u00e0 fin 2030 et l\u2019entr\u00e9e de nouveaux acteurs dans le domaine des hydrocarbures.<\/span><\/span><\/span><\/p><p align=\"justify\"><span style=\"color: #1a1a1a;\">\u00a0<\/span><span style=\"font-family: Tw Cen MT;\"><span style=\"color: #1a1a1a;\"><span style=\"font-size: medium;\"><span lang=\"fr-CI\">Un bilan appr\u00e9ci\u00e9 \u00e0 sa juste valeur par le nouveau ministre Thomas Camara. Pour garder le cap et\u00a0r\u00e9ussir pleinement sa mission, Camara\u00a0 a appel\u00e9 l\u2019ensemble de ses collaborateurs \u00e0 se rendre disponibles et mobilis\u00e9s. Il a engag\u00e9 tous les acteurs \u00e0 une bonne collaboration pour mener \u00e0 bien les diff\u00e9rents projets, avant de remercier le Pr\u00e9sident de la R\u00e9publique et le Premier ministre pour la confiance plac\u00e9e en lui.<\/span><\/span><\/span><\/span><\/p>\t\t\t\t\t\t<\/div>\n\t\t\t\t<\/div>\n\t\t\t\t\t<\/div>\n\t\t<\/div>\n\t\t\t\t\t\t\t<\/div>\n\t\t<\/section>\n\t\t\t\t<section class=\"elementor-section elementor-top-section elementor-element elementor-element-61cbbba elementor-section-boxed elementor-section-height-default elementor-section-height-default\" data-id=\"61cbbba\" data-element_type=\"section\">\n\t\t\t\t\t\t<div class=\"elementor-container elementor-column-gap-default\">\n\t\t\t\t\t<div class=\"elementor-column elementor-col-100 elementor-top-column elementor-element elementor-element-6ebe50a\" data-id=\"6ebe50a\" data-element_type=\"column\">\n\t\t\t<div class=\"elementor-widget-wrap elementor-element-populated\">\n\t\t\t\t\t\t\t\t<div class=\"elementor-element elementor-element-ee1b5a1 elementor-widget elementor-widget-heading\" data-id=\"ee1b5a1\" data-element_type=\"widget\" data-widget_type=\"heading.default\">\n\t\t\t\t<div class=\"elementor-widget-container\">\n\t\t\t<h3 class=\"elementor-heading-title elementor-size-default\">Le Gouvernement adopte le 24 mars 2021, un projet de Loi sur le Contenu Local<\/h3>\t\t<\/div>\n\t\t\t\t<\/div>\n\t\t\t\t\t<\/div>\n\t\t<\/div>\n\t\t\t\t\t\t\t<\/div>\n\t\t<\/section>\n\t\t\t\t<section class=\"elementor-section elementor-top-section elementor-element elementor-element-97cd462 elementor-section-boxed elementor-section-height-default elementor-section-height-default\" data-id=\"97cd462\" data-element_type=\"section\">\n\t\t\t\t\t\t<div class=\"elementor-container elementor-column-gap-default\">\n\t\t\t\t\t<div class=\"elementor-column elementor-col-100 elementor-top-column elementor-element elementor-element-97357fd\" data-id=\"97357fd\" data-element_type=\"column\">\n\t\t\t<div class=\"elementor-widget-wrap elementor-element-populated\">\n\t\t\t\t\t\t\t\t<div class=\"elementor-element elementor-element-1626ac3 elementor-widget elementor-widget-image\" data-id=\"1626ac3\" data-element_type=\"widget\" data-widget_type=\"image.default\">\n\t\t\t\t<div class=\"elementor-widget-container\">\n\t\t\t\t\t\t\t\t\t\t\t\t\t\t\t<img loading=\"lazy\" decoding=\"async\" width=\"720\" height=\"480\" src=\"https:\/\/hamaarys.net\/wp-content\/uploads\/2021\/05\/article2.jpg\" class=\"attachment-1536x1536 size-1536x1536\" alt=\"\" srcset=\"https:\/\/hamaarys.net\/wp-content\/uploads\/2021\/05\/article2.jpg 720w, https:\/\/hamaarys.net\/wp-content\/uploads\/2021\/05\/article2-300x200.jpg 300w, https:\/\/hamaarys.net\/wp-content\/uploads\/2021\/05\/article2-365x243.jpg 365w, https:\/\/hamaarys.net\/wp-content\/uploads\/2021\/05\/article2-600x400.jpg 600w\" sizes=\"auto, (max-width: 720px) 100vw, 720px\" \/>\t\t\t\t\t\t\t\t\t\t\t\t\t\t\t<\/div>\n\t\t\t\t<\/div>\n\t\t\t\t\t<\/div>\n\t\t<\/div>\n\t\t\t\t\t\t\t<\/div>\n\t\t<\/section>\n\t\t\t\t<section class=\"elementor-section elementor-top-section elementor-element elementor-element-7fb9d8a elementor-section-boxed elementor-section-height-default elementor-section-height-default\" data-id=\"7fb9d8a\" data-element_type=\"section\">\n\t\t\t\t\t\t<div class=\"elementor-container elementor-column-gap-default\">\n\t\t\t\t\t<div class=\"elementor-column elementor-col-100 elementor-top-column elementor-element elementor-element-f37b1fa\" data-id=\"f37b1fa\" data-element_type=\"column\">\n\t\t\t<div class=\"elementor-widget-wrap elementor-element-populated\">\n\t\t\t\t\t\t\t\t<div class=\"elementor-element elementor-element-ebc7d55 elementor-widget elementor-widget-heading\" data-id=\"ebc7d55\" data-element_type=\"widget\" data-widget_type=\"heading.default\">\n\t\t\t\t<div class=\"elementor-widget-container\">\n\t\t\t<h3 class=\"elementor-heading-title elementor-size-default\">BILAN 2019-2020 ET PERSPECTIVES DES SECTEURS HYDROCARBURES ET ENERGIE<\/h3>\t\t<\/div>\n\t\t\t\t<\/div>\n\t\t\t\t\t<\/div>\n\t\t<\/div>\n\t\t\t\t\t\t\t<\/div>\n\t\t<\/section>\n\t\t\t\t<section class=\"elementor-section elementor-top-section elementor-element elementor-element-453eb00 elementor-section-boxed elementor-section-height-default elementor-section-height-default\" data-id=\"453eb00\" data-element_type=\"section\">\n\t\t\t\t\t\t<div class=\"elementor-container elementor-column-gap-default\">\n\t\t\t\t\t<div class=\"elementor-column elementor-col-100 elementor-top-column elementor-element elementor-element-e630d15\" data-id=\"e630d15\" data-element_type=\"column\">\n\t\t\t<div class=\"elementor-widget-wrap elementor-element-populated\">\n\t\t\t\t\t\t\t\t<div class=\"elementor-element elementor-element-a74f220 elementor-widget elementor-widget-image\" data-id=\"a74f220\" data-element_type=\"widget\" data-widget_type=\"image.default\">\n\t\t\t\t<div class=\"elementor-widget-container\">\n\t\t\t\t\t\t\t\t\t\t\t\t\t\t\t<img loading=\"lazy\" decoding=\"async\" width=\"640\" height=\"427\" src=\"https:\/\/hamaarys.net\/wp-content\/uploads\/2021\/05\/article3.jpg\" class=\"attachment-large size-large\" alt=\"\" srcset=\"https:\/\/hamaarys.net\/wp-content\/uploads\/2021\/05\/article3.jpg 720w, https:\/\/hamaarys.net\/wp-content\/uploads\/2021\/05\/article3-300x200.jpg 300w, https:\/\/hamaarys.net\/wp-content\/uploads\/2021\/05\/article3-365x243.jpg 365w, https:\/\/hamaarys.net\/wp-content\/uploads\/2021\/05\/article3-600x400.jpg 600w\" sizes=\"auto, (max-width: 640px) 100vw, 640px\" \/>\t\t\t\t\t\t\t\t\t\t\t\t\t\t\t<\/div>\n\t\t\t\t<\/div>\n\t\t\t\t\t<\/div>\n\t\t<\/div>\n\t\t\t\t\t\t\t<\/div>\n\t\t<\/section>\n\t\t\t\t<section class=\"elementor-section elementor-top-section elementor-element elementor-element-e406f5b elementor-section-boxed elementor-section-height-default elementor-section-height-default\" data-id=\"e406f5b\" data-element_type=\"section\">\n\t\t\t\t\t\t<div class=\"elementor-container elementor-column-gap-default\">\n\t\t\t\t\t<div class=\"elementor-column elementor-col-100 elementor-top-column elementor-element elementor-element-79476ce\" data-id=\"79476ce\" data-element_type=\"column\">\n\t\t\t<div class=\"elementor-widget-wrap elementor-element-populated\">\n\t\t\t\t\t\t\t\t<div class=\"elementor-element elementor-element-4da9e7a elementor-invisible elementor-widget elementor-widget-text-editor\" data-id=\"4da9e7a\" data-element_type=\"widget\" data-settings=\"{&quot;_animation&quot;:&quot;zoomIn&quot;}\" data-widget_type=\"text-editor.default\">\n\t\t\t\t<div class=\"elementor-widget-container\">\n\t\t\t\t\t\t\t\t<p align=\"justify\"><span style=\"font-family: Times New Roman, serif;\"><span style=\"color: #1a1a1a;\"><span style=\"font-family: Arial, serif;\"><span style=\"font-size: large;\"><span lang=\"fr-CI\">Le pr\u00e9sent document vise \u00e0 r\u00e9sumer succinctement, le bilan 2019-2020, et les perspectives du Gouvernement dans les secteurs des Hydrocarbures et de l\u2019Energie, conform\u00e9ment \u00e0 la vision du Pr\u00e9sident Alassane Ouattara.<\/span><\/span><\/span><\/span><\/span><\/p><p align=\"justify\"><span style=\"color: #1a1a1a;\">\u00a0<\/span><span style=\"color: #1a1a1a;\">\u00a0 \u00a0 \u00a0<\/span><span style=\"font-family: Times New Roman, serif;\"><span style=\"color: #1a1a1a;\"><span style=\"font-family: Arial, serif;\"><span style=\"font-size: large;\">I-<\/span><\/span><\/span><b><span style=\"color: #1a1a1a;\"><span style=\"font-family: Arial, serif;\"><span style=\"font-size: large;\"><u>BILAN 2019-2020<\/u><\/span><\/span><\/span><\/b><\/span><span style=\"color: #1a1a1a;\">\u00a0<\/span><\/p><ol><li><p class=\"western\" align=\"justify\"><b><span style=\"color: #1a1a1a;\"><span style=\"font-family: Arial, serif;\"><span style=\"font-size: small;\">Formation<\/span><\/span><\/span><\/b><\/p><\/li><\/ol><ul><li><p class=\"western\" align=\"justify\"><span style=\"color: #1a1a1a;\"><span style=\"font-family: Arial, serif;\"><span style=\"font-size: small;\"><span lang=\"fr-CI\">La cr\u00e9ation de l\u2019Ecole Sup\u00e9rieure du P\u00e9trole et de l\u2019Energie (ESPE) avec des doubles dipl\u00f4mes de l\u2019Ecole Polytechnique de Paris et de l\u2019Institut Fran\u00e7ais du P\u00e9trole.<\/span><\/span><\/span><\/span><\/p><\/li><\/ul><ol start=\"2\"><li><p class=\"western\" align=\"justify\"><b><span style=\"color: #1a1a1a;\"><span style=\"font-family: Arial, serif;\"><span style=\"font-size: small;\">Entrepreneuriat<\/span><\/span><\/span><\/b><\/p><\/li><\/ol><ul><li><p class=\"western\" align=\"justify\"><span style=\"color: #1a1a1a;\"><span style=\"font-family: Arial, serif;\"><span style=\"font-size: small;\"><span lang=\"fr-CI\">L\u2019Institution du prix de l\u2019innovation, dans l\u2019Energie et les Hydrocarbures, avec \u00e0 la cl\u00e9, un prix de 10 millions FCFA et un accompagnement du Minist\u00e8re.<\/span><\/span><\/span><\/span><\/p><\/li><\/ul><ol start=\"3\"><li><p class=\"western\" align=\"justify\"><b><span style=\"color: #1a1a1a;\"><span style=\"font-family: Arial, serif;\"><span style=\"font-size: small;\">Hydrocarbures<\/span><\/span><\/span><\/b><\/p><\/li><\/ol><ul><li><p class=\"western\" align=\"justify\"><span style=\"color: #1a1a1a;\"><span style=\"font-family: Arial, serif;\"><span style=\"font-size: small;\"><span lang=\"fr-CI\">Le lancement d\u2019un programme permettant de doubler la capacit\u00e9 de stockage national en butane\u00a0;<\/span><\/span><\/span><\/span><\/p><\/li><li><p class=\"western\" align=\"justify\"><span style=\"color: #1a1a1a;\"><span style=\"font-family: Arial, serif;\"><span style=\"font-size: small;\"><span lang=\"fr-CI\">La multiplication par 2 du stock de s\u00e9curit\u00e9 national en produits p\u00e9troliers ;<\/span><\/span><\/span><\/span><\/p><\/li><li><p class=\"western\" align=\"justify\"><span style=\"color: #1a1a1a;\"><span style=\"font-family: Arial, serif;\"><span style=\"font-size: small;\"><span lang=\"fr-CI\">La mise en place des ressources pour le financement de l\u2019am\u00e9lioration de la qualit\u00e9 du carburant en C\u00f4te d\u2019Ivoire ;<\/span><\/span><\/span><\/span><\/p><\/li><li><p class=\"western\" align=\"justify\"><span style=\"color: #1a1a1a;\"><span style=\"font-family: Arial, serif;\"><span style=\"font-size: small;\"><span lang=\"fr-CI\">L\u2019arriv\u00e9e de nouveaux acteurs dans le secteur p\u00e9trolier tel que Qatar Petroleum.<\/span><\/span><\/span><\/span><\/p><\/li><\/ul><ol start=\"4\"><li><p class=\"western\" align=\"justify\"><b><span style=\"color: #1a1a1a;\"><span style=\"font-family: Arial, serif;\"><span style=\"font-size: small;\">Energie<\/span><\/span><\/span><\/b><\/p><\/li><\/ol><ul><li><p class=\"western\" align=\"justify\"><span style=\"color: #1a1a1a;\"><span style=\"font-family: Arial, serif;\"><span style=\"font-size: small;\"><span lang=\"fr-CI\">L\u2019\u00e9lectrification, sur les deux derni\u00e8res ann\u00e9es 2019-2020, en moyenne d\u2019environ 900 localit\u00e9s par an contre 300 sur la p\u00e9riode 2012-2018 ;<\/span><\/span><\/span><\/span><\/p><\/li><li><p class=\"western\" align=\"justify\"><span style=\"color: #1a1a1a;\"><span style=\"font-family: Arial, serif;\"><span style=\"font-size: small;\"><span lang=\"fr-CI\">La mise en place du Programme Electricit\u00e9 Pour Tous (PEPT) a permis \u00e0 plus de 440\u00a0000 familles d\u2018avoir un compteur \u00e9lectrique \u00e0 domicile\u00a0;<\/span><\/span><\/span><\/span><\/p><\/li><li><p class=\"western\" align=\"justify\"><span style=\"color: #1a1a1a;\"><span style=\"font-family: Arial, serif;\"><span style=\"font-size: small;\"><span lang=\"fr-CI\">La baisse de 20% du tarif social d\u2019\u00e9lectricit\u00e9 a b\u00e9n\u00e9fici\u00e9 \u00e0 1,4 million de familles \u00e0 revenu modeste ;<\/span><\/span><\/span><\/span><\/p><\/li><li><p class=\"western\" align=\"justify\"><span style=\"color: #1a1a1a;\"><span style=\"font-family: Arial, serif;\"><span style=\"font-size: small;\"><span lang=\"fr-CI\">Au d\u00e9but de la pand\u00e9mie de la Covid19, la prise en charge des factures d\u2019\u00e9lectricit\u00e9 de plus d\u2019un million de m\u00e9nages d\u00e9favoris\u00e9s, et la mise en \u0153uvre des facilit\u00e9s de paiement pour les autres abonn\u00e9s ;<\/span><\/span><\/span><\/span><\/p><\/li><li><p class=\"western\" align=\"justify\"><span style=\"color: #1a1a1a;\"><span style=\"font-family: Arial, serif;\"><span style=\"font-size: small;\"><span lang=\"fr-CI\">Le lancement des travaux d\u2019am\u00e9lioration de la qualit\u00e9 de la fourniture de l\u2019\u00e9lectricit\u00e9 \u00e0 Abidjan et \u00e0 l\u2019int\u00e9rieur du pays ;<\/span><\/span><\/span><\/span><\/p><\/li><li><p class=\"western\" align=\"justify\"><span style=\"color: #1a1a1a;\"><span style=\"font-family: Arial, serif;\"><span style=\"font-size: small;\"><span lang=\"fr-CI\">Le lancement du processus de construction, \u00e0 Aboisso, de la plus grande centrale biomasse, \u00e0 base de palmier \u00e0 huile (46 MW), d\u2019Afrique de l\u2019Ouest ;<\/span><\/span><\/span><\/span><\/p><\/li><li><p class=\"western\" align=\"justify\"><span style=\"color: #1a1a1a;\"><span style=\"font-family: Arial, serif;\"><span style=\"font-size: small;\"><span lang=\"fr-CI\">La sensibilisation d\u2019environ 7,5 millions de nos concitoyens aux bonnes pratiques de consommation d\u2019\u00e9nergie\u00a0;<\/span><\/span><\/span><\/span><\/p><\/li><li><p class=\"western\" align=\"justify\"><span style=\"color: #1a1a1a;\"><span style=\"font-family: Arial, serif;\"><span style=\"font-size: small;\"><span lang=\"fr-CI\">L\u2019adoption d\u2019une strat\u00e9gie de d\u00e9veloppement des Energies Renouvelables.<\/span><\/span><\/span><\/span><\/p><\/li><\/ul><p align=\"justify\"><span style=\"color: #1a1a1a;\">\u00a0<\/span><span style=\"color: #1a1a1a;\">\u00a0 \u00a0 \u00a0<\/span><span style=\"font-family: Times New Roman, serif;\"><span style=\"color: #1a1a1a;\"><span style=\"font-family: Arial, serif;\"><span style=\"font-size: large;\">II-\u00a0<\/span><\/span><\/span><b><span style=\"color: #1a1a1a;\"><span style=\"font-family: Arial, serif;\"><span style=\"font-size: large;\"><u>PERSPECTIVES<\/u><\/span><\/span><\/span><\/b><\/span><\/p><ol><li><p class=\"western\" align=\"justify\"><b><span style=\"color: #1a1a1a;\"><span style=\"font-family: Arial, serif;\"><span style=\"font-size: small;\">Formation<\/span><\/span><\/span><\/b><\/p><\/li><\/ol><ul><li><p class=\"western\" align=\"justify\"><span style=\"color: #1a1a1a;\"><span style=\"font-family: Arial, serif;\"><span style=\"font-size: small;\"><span lang=\"fr-CI\">La poursuite de l\u2019am\u00e9lioration de la formation de nos jeunes, en vue de leur offrir plus d\u2019opportunit\u00e9s d\u2019emplois.<\/span><\/span><\/span><\/span><\/p><\/li><\/ul><ol start=\"2\"><li><p class=\"western\" align=\"justify\"><b><span style=\"color: #1a1a1a;\"><span style=\"font-family: Arial, serif;\"><span style=\"font-size: small;\">Entrepreneuriat<\/span><\/span><\/span><\/b><\/p><\/li><\/ol><ul><li><p class=\"western\" align=\"justify\"><span style=\"color: #1a1a1a;\"><span style=\"font-family: Arial, serif;\"><span style=\"font-size: small;\"><span lang=\"fr-CI\">Le lancement, en 2021, de la deuxi\u00e8me \u00e9dition du prix de l\u2019innovation.<\/span><\/span><\/span><\/span><\/p><\/li><\/ul><ol start=\"3\"><li><p class=\"western\" align=\"justify\"><b><span style=\"color: #1a1a1a;\"><span style=\"font-family: Arial, serif;\"><span style=\"font-size: small;\">Hydrocarbures<\/span><\/span><\/span><\/b><\/p><\/li><\/ol><ul><li><p class=\"western\" align=\"justify\"><span style=\"color: #1a1a1a;\"><span style=\"font-family: Arial, serif;\"><span style=\"font-size: small;\"><span lang=\"fr-CI\">L\u2019\u00e9laboration d\u2019une loi sur le contenu local en vue de cr\u00e9er des champions nationaux et des emplois pour nos jeunes ;<\/span><\/span><\/span><\/span><\/p><\/li><li><p class=\"western\" align=\"justify\"><span style=\"color: #1a1a1a;\"><span style=\"font-family: Arial, serif;\"><span style=\"font-size: small;\"><span lang=\"fr-CI\">La r\u00e9alisation, cette ann\u00e9e 2021, de trois (3) forages d\u2019exploration p\u00e9troli\u00e8re pour accroitre la production p\u00e9troli\u00e8re de notre pays ;<\/span><\/span><\/span><\/span><\/p><\/li><li><p class=\"western\" align=\"justify\"><span style=\"color: #1a1a1a;\"><span style=\"font-family: Arial, serif;\"><span style=\"font-size: small;\"><span lang=\"fr-CI\">La relance de la production des blocs existants avec l\u2019intensification des investissements\u00a0;<\/span><\/span><\/span><\/span><\/p><\/li><li><p class=\"western\" align=\"justify\"><span style=\"color: #1a1a1a;\"><span style=\"font-family: Arial, serif;\"><span style=\"font-size: small;\"><span lang=\"fr-CI\">La poursuite de l\u2019am\u00e9lioration de la qualit\u00e9 du carburant en C\u00f4te d\u2019Ivoire ;<\/span><\/span><\/span><\/span><\/p><\/li><li><p class=\"western\" align=\"justify\"><span style=\"color: #1a1a1a;\"><span style=\"font-family: Arial, serif;\"><span style=\"font-size: small;\"><span lang=\"fr-CI\">La poursuite de l\u2019accroissement du stock de s\u00e9curit\u00e9 national en produits p\u00e9troliers et la finalisation du processus d\u2019acquisition d\u2019environ 150\u00a0000 m3 de nouvelles capacit\u00e9s de stockage de produits p\u00e9troliers ;<\/span><\/span><\/span><\/span><\/p><\/li><li><p class=\"western\" align=\"justify\"><span style=\"color: #1a1a1a;\"><span style=\"font-family: Arial, serif;\"><span style=\"font-size: small;\"><span lang=\"fr-CI\">La finalisation de la restructuration strat\u00e9gique de la GESTOCI\u00a0;<\/span><\/span><\/span><\/span><\/p><\/li><li><p class=\"western\" align=\"justify\"><span style=\"color: #1a1a1a;\"><span style=\"font-family: Arial, serif;\"><span style=\"font-size: small;\"><span lang=\"fr-CI\">L\u2019intensification du processus de cr\u00e9ation de nouveaux quais p\u00e9troliers ;<\/span><\/span><\/span><\/span><\/p><\/li><li><p class=\"western\" align=\"justify\"><span style=\"color: #1a1a1a;\"><span style=\"font-family: Arial, serif;\"><span style=\"font-size: small;\"><span lang=\"fr-CI\">Le lancement d\u2019une campagne de sensibilisation sur l\u2019utilisation du gaz butane.<\/span><\/span><\/span><\/span><\/p><\/li><\/ul><ol start=\"4\"><li><p class=\"western\" align=\"justify\"><b><span style=\"color: #1a1a1a;\"><span style=\"font-family: Arial, serif;\"><span style=\"font-size: small;\">Energie<\/span><\/span><\/span><\/b><\/p><\/li><\/ol><ul><li><p class=\"western\" align=\"justify\"><span style=\"color: #1a1a1a;\"><span style=\"font-family: Arial, serif;\"><span style=\"font-size: small;\"><span lang=\"fr-CI\">L\u2019objectif du Gouvernement est de fournir, aux populations ivoiriennes, une \u00e9nergie en quantit\u00e9 suffisante, de qualit\u00e9 et \u00e0 moindre co\u00fbt\u00a0;<\/span><\/span><\/span><\/span><\/p><\/li><li><p class=\"western\" align=\"justify\"><span style=\"color: #1a1a1a;\"><span style=\"font-family: Arial, serif;\"><span style=\"font-size: small;\"><span lang=\"fr-CI\">L\u2019acc\u00e9l\u00e9ration du processus d\u2019\u00e9lectrification des localit\u00e9s en vue d\u2019atteindre un taux de couverture national de 100% \u00e0 fin 2025 ;<\/span><\/span><\/span><\/span><\/p><\/li><li><p class=\"western\" align=\"justify\"><span style=\"color: #1a1a1a;\"><span style=\"font-family: Arial, serif;\"><span style=\"font-size: small;\"><span lang=\"fr-CI\">L\u2019intensification du PEPT avec au moins 200\u00a0000 familles additionnelles qui b\u00e9n\u00e9ficieront, en 2021, d\u2019un compteur \u00e9lectrique \u00e0 domicile ;<\/span><\/span><\/span><\/span><\/p><\/li><li><p class=\"western\" align=\"justify\"><span style=\"color: #1a1a1a;\"><span style=\"font-family: Arial, serif;\"><span style=\"font-size: small;\"><span lang=\"fr-CI\">La construction de capacit\u00e9s additionnelles de production d\u2019\u00e9nergie et la poursuite de l\u2019exportation d\u2019\u00e9nergie vers nos pays voisins ;<\/span><\/span><\/span><\/span><\/p><\/li><li><p class=\"western\" align=\"justify\"><span style=\"color: #1a1a1a;\"><span style=\"font-family: Arial, serif;\"><span style=\"font-size: small;\"><span lang=\"fr-CI\">L\u2019atteinte d\u2019un mix \u00e9nerg\u00e9tique d\u2019au moins 42% d\u2019Energies Renouvelables, \u00e0 fin 2030, dont 7% de solaire, 6% de biomasse, 1% d\u2019\u00e9olien et 32% d\u2019hydraulique ;<\/span><\/span><\/span><\/span><\/p><\/li><li><p class=\"western\" align=\"justify\"><span style=\"color: #1a1a1a;\"><span style=\"font-family: Arial, serif;\"><span style=\"font-size: small;\"><span lang=\"fr-CI\">Le lancement cette ann\u00e9e, \u00e0 Boundiali, des travaux de construction de la premi\u00e8re centrale solaire (37,5 MWc) de notre pays ;<\/span><\/span><\/span><\/span><\/p><\/li><li><p class=\"western\" align=\"justify\"><span style=\"color: #1a1a1a;\"><span style=\"font-family: Arial, serif;\"><span style=\"font-size: small;\"><span lang=\"fr-CI\">Le lancement, \u00e0 Kossou, des travaux de construction de la premi\u00e8re centrale solaire flottante d\u2019Afrique (20 MWc)\u00a0;<\/span><\/span><\/span><\/span><\/p><\/li><li><p class=\"western\" align=\"justify\"><span style=\"color: #1a1a1a;\"><span style=\"font-family: Arial, serif;\"><span style=\"font-size: small;\"><span lang=\"fr-CI\">La vulgarisation de l\u2019utilisation des \u00e9quipements solaires;<\/span><\/span><\/span><\/span><\/p><\/li><li><p class=\"western\" align=\"justify\"><span style=\"color: #1a1a1a;\"><span style=\"font-family: Arial, serif;\"><span style=\"font-size: small;\"><span lang=\"fr-CI\">La poursuite de l\u2019am\u00e9lioration de la qualit\u00e9 de la fourniture d\u2019\u00e9lectricit\u00e9, afin de r\u00e9duire les coupures et les baisses de tension.<\/span><\/span><\/span><\/span><\/p><\/li><\/ul>\t\t\t\t\t\t<\/div>\n\t\t\t\t<\/div>\n\t\t\t\t\t<\/div>\n\t\t<\/div>\n\t\t\t\t\t\t\t<\/div>\n\t\t<\/section>\n\t\t\t\t\t\t<\/div>\n\t\t\t\t\t<\/div>\n\t\t","protected":false},"excerpt":{"rendered":"<p>Passation de charges au Minist\u00e8re du P\u00e9trole et de l&#8217;Energie : Le Nouveau Ministre Thomas Camara prend fonction C&#8217;est effectif depuis ce jeudi 08 avril 2021. Thomas Camara, Ministre des Mines, du P\u00e9trole et de l&#8217;Energie, a pris officiellement fonction au 15\u00e8me \u00e9tage de l&#8217;immeuble Sciam, apr\u00e8s avoir re\u00e7u ses charges du Ministre, Secr\u00e9taire G\u00e9n\u00e9ral&#8230;<\/p>\n","protected":false},"author":1,"featured_media":0,"parent":0,"menu_order":0,"comment_status":"closed","ping_status":"closed","template":"","meta":{"footnotes":""},"class_list":["post-14457","page","type-page","status-publish","hentry"],"_links":{"self":[{"href":"https:\/\/hamaarys.net\/index.php\/wp-json\/wp\/v2\/pages\/14457","targetHints":{"allow":["GET"]}}],"collection":[{"href":"https:\/\/hamaarys.net\/index.php\/wp-json\/wp\/v2\/pages"}],"about":[{"href":"https:\/\/hamaarys.net\/index.php\/wp-json\/wp\/v2\/types\/page"}],"author":[{"embeddable":true,"href":"https:\/\/hamaarys.net\/index.php\/wp-json\/wp\/v2\/users\/1"}],"replies":[{"embeddable":true,"href":"https:\/\/hamaarys.net\/index.php\/wp-json\/wp\/v2\/comments?post=14457"}],"version-history":[{"count":73,"href":"https:\/\/hamaarys.net\/index.php\/wp-json\/wp\/v2\/pages\/14457\/revisions"}],"predecessor-version":[{"id":15016,"href":"https:\/\/hamaarys.net\/index.php\/wp-json\/wp\/v2\/pages\/14457\/revisions\/15016"}],"wp:attachment":[{"href":"https:\/\/hamaarys.net\/index.php\/wp-json\/wp\/v2\/media?parent=14457"}],"curies":[{"name":"wp","href":"https:\/\/api.w.org\/{rel}","templated":true}]}}